{"id":14989,"date":"2019-12-04T11:14:04","date_gmt":"2019-12-04T10:14:04","guid":{"rendered":"https:\/\/essense.coffee\/cafes\/colombia-la-guamera\/"},"modified":"2020-06-25T10:44:07","modified_gmt":"2020-06-25T08:44:07","slug":"colombia-la-guamera","status":"publish","type":"page","link":"https:\/\/essense.coffee\/fr\/cafes\/colombia-la-guamera\/","title":{"rendered":"COLOMBIA La Guamera"},"content":{"rendered":"<p>[vc_section][vc_row margin_top_mobile=&#8221;-70px&#8221;][vc_column]\n\t\t\t<!-- START COLOMBIA La Guamera REVOLUTION SLIDER 6.5.12 --><p class=\"rs-p-wp-fix\"><\/p>\n\t\t\t<rs-module-wrap id=\"rev_slider_90_1_wrapper\" data-source=\"gallery\" style=\"visibility:hidden;background:transparent;padding:0;margin:0px auto;margin-top:0;margin-bottom:0;\">\n\t\t\t\t<rs-module id=\"rev_slider_90_1\" style=\"\" data-version=\"6.5.12\">\n\t\t\t\t\t<rs-slides>\n\t\t\t\t\t\t<rs-slide style=\"position: absolute;\" data-key=\"rs-317\" data-title=\"Essense\" data-duration=\"4000\" data-anim=\"ms:600;r:0;\" data-in=\"o:0;\" data-out=\"a:false;\">\n\t\t\t\t\t\t\t<img src=\"\/\/essense.coffee\/wp-content\/plugins\/revslider\/public\/assets\/assets\/dummy.png\" alt=\"\" title=\"slider_colombia-la-guamera\" width=\"2000\" height=\"1000\" class=\"rev-slidebg tp-rs-img rs-lazyload\" data-lazyload=\"\/\/essense.coffee\/wp-content\/uploads\/2019\/11\/slider_colombia-la-guamera.jpg\" data-no-retina>\n<!--\n\t\t\t\t\t\t\t--><rs-layer\n\t\t\t\t\t\t\t\tid=\"slider-90-slide-317-layer-1\" \n\t\t\t\t\t\t\t\tdata-type=\"text\"\n\t\t\t\t\t\t\t\tdata-rsp_ch=\"on\"\n\t\t\t\t\t\t\t\tdata-xy=\"x:r;xo:-1px;yo:444px;\"\n\t\t\t\t\t\t\t\tdata-text=\"s:60;l:60;a:right;\"\n\t\t\t\t\t\t\t\tdata-padding=\"t:40;r:40;b:40;l:40;\"\n\t\t\t\t\t\t\t\tdata-frame_0=\"o:1;tp:600;\"\n\t\t\t\t\t\t\t\tdata-frame_1=\"tp:600;sp:0;sR:10;\"\n\t\t\t\t\t\t\t\tdata-frame_999=\"o:0;tp:600;st:3999.9996948242;sR:3989.9996948242;\"\n\t\t\t\t\t\t\t\tstyle=\"z-index:5;background-color:rgba(0,0,0,0.61);font-family:'Anton';\"\n\t\t\t\t\t\t\t>COLOMBIA<br>\nLa Guamera \n\t\t\t\t\t\t\t<\/rs-layer><!--\n-->\t\t\t\t\t\t<\/rs-slide>\n\t\t\t\t\t<\/rs-slides>\n\t\t\t\t<\/rs-module>\n\t\t\t\t<script>\n\t\t\t\t\tsetREVStartSize({c: 'rev_slider_90_1',rl:[1240,1240,1240,480],el:[690,690,690,720],gw:[1400,1400,1400,720],gh:[690,690,690,720],type:'hero',justify:'',layout:'fullwidth',mh:\"0\"});if (window.RS_MODULES!==undefined && window.RS_MODULES.modules!==undefined && window.RS_MODULES.modules[\"revslider901\"]!==undefined) {window.RS_MODULES.modules[\"revslider901\"].once = false;window.revapi90 = undefined;if (window.RS_MODULES.checkMinimal!==undefined) window.RS_MODULES.checkMinimal()}\n\t\t\t\t<\/script>\n\t\t\t<\/rs-module-wrap>\n\t\t\t<!-- END REVOLUTION SLIDER -->\n[\/vc_column][\/vc_row][\/vc_section][vc_section][vc_row disable_element=&#8221;yes&#8221; margin_top=&#8221;50px&#8221;][vc_column width=&#8221;1\/4&#8243;][\/vc_column][vc_column align=&#8221;center&#8221; width=&#8221;1\/2&#8243; offset=&#8221;vc_hidden-lg vc_hidden-md vc_hidden-sm&#8221;][vc_column_text spacing_heading=&#8221;&#8221; spacing_heading_tab=&#8221;&#8221; spacing_heading_mobile=&#8221;&#8221;]<\/p>\n<p style=\"text-align: center;\"><a href=\"https:\/\/essense.coffee\/it\/caffe\/colombia-la-guamera\/\">IT<\/a>\u00a0 \u00a0 \u00a0<a href=\"https:\/\/essense.coffee\/en\/coffee-stories\/colombia-la-guamera\/\">EN<\/a>\u00a0 \u00a0 \u00a0<a href=\"https:\/\/essense.coffee\/fr\/cafes\/colombia-la-guamera\/\">FR<\/a><\/p>\n<p>[\/vc_column_text][\/vc_column][vc_column width=&#8221;1\/4&#8243;][\/vc_column][\/vc_row][vc_row margin_top=&#8221;50px&#8221;][vc_column width=&#8221;1\/4&#8243;][\/vc_column][vc_column width=&#8221;1\/2&#8243;][vc_column_text el_class=&#8221;testo-giustificato&#8221;]<img decoding=\"async\" loading=\"lazy\" class=\" wp-image-116 aligncenter\" src=\"https:\/\/essense.coffee\/wp-content\/uploads\/2018\/11\/bollino_03.png\" alt=\"caff\u00e8 specialty\" width=\"80\" height=\"80\" \/><\/p>\n<h2 style=\"text-align: center;\">COLOMBIA<br \/>\nLa Guamera<\/h2>\n<p>&nbsp;<\/p>\n<p>Ce caf\u00e9 de Sp\u00e9cialit\u00e9 a \u00e9t\u00e9 cultiv\u00e9 dans l&#8217;exploitation <em>Finca La Guamera<\/em> dans la r\u00e9gion de Caldas en Colombie. Les drupes sont tr\u00e8s sucr\u00e9es gr\u00e2ce \u00e0 un programme particulier de fertilisation g\u00e9r\u00e9 par la famille Mu\u00f1oz. Elles subissent ensuite une fermentation puis sont s\u00e9ch\u00e9es selon la m\u00e9thode <em>Honey<\/em>.[\/vc_column_text][\/vc_column][vc_column width=&#8221;1\/4&#8243;][\/vc_column][\/vc_row][\/vc_section][vc_section][vc_row content_placement=&#8221;middle&#8221; margin_top=&#8221;50px&#8221;][vc_column width=&#8221;1\/2&#8243;][vc_column_text]<iframe loading=\"lazy\" style=\"border: 0;\" src=\"https:\/\/www.google.com\/maps\/embed?pb=!1m18!1m12!1m3!1d6374931.681922997!2d-74.23842399122164!3d4.244370546540009!2m3!1f0!2f0!3f0!3m2!1i1024!2i768!4f13.1!3m3!1m2!1s0x8e473d9c128bde71%3A0x680d4e47949c9e8c!2sDipartimento%20di%20Caldas%2C%20Colombia!5e0!3m2!1sit!2sit!4v1575046917022!5m2!1sit!2sit\" width=\"640\" height=\"350\" frameborder=\"0\" allowfullscreen=\"allowfullscreen\"><\/iframe>[\/vc_column_text][\/vc_column][vc_column width=&#8221;1\/2&#8243;][vc_column_text]<b>Typologie :<\/b> caf\u00e9 de Sp\u00e9cialit\u00e9<br \/>\n<b>R\u00e9gion : <\/b>Colombie \u2013 Caldas<br \/>\n<b>Altitude <\/b><b>:\u00a0 <\/b>1.500 m<br \/>\n<b>Producteur : <\/b>Finca La Guamera<br \/>\n<b>Station de traitement : <\/b>Finca Berlin<br \/>\n<b>Cultivar: <\/b>Arabica &#8211; <i>Caturra, Castillo, Colombia<\/i><br \/>\n<b>R\u00e9colte : <\/b>Picking (manuelle) d\u00e9c. 2018 \/ f\u00e9v. 2019<br \/>\n<b>M\u00e9thode de traitement : <\/b>Process Honey (fermentation puis s\u00e9chage sur lits relev\u00e9s)[\/vc_column_text][\/vc_column][\/vc_row][\/vc_section][vc_section content_placement=&#8221;middle&#8221; css=&#8221;.vc_custom_1557824737813{margin-top: 50px !important;margin-bottom: 50px !important;}&#8221; el_class=&#8221;outburst-left&#8221;][vc_row bg_color=&#8221;#ffffff&#8221; equal_height=&#8221;yes&#8221; content_placement=&#8221;middle&#8221; margin_top=&#8221;50px&#8221;][vc_column dark_mode=&#8221;has-dark-mode&#8221; align=&#8221;center&#8221; bg_color=&#8221;#6d8165&#8243; width=&#8221;1\/4&#8243; padding_top=&#8221;30px&#8221; padding_bottom=&#8221;30px&#8221; el_class=&#8221;essense-runout-left essense-runout-verde-oliva&#8221;]<div class=\" agni-image custom-image-container agni-image-default text-center\">\r\n\t\t\t<figure class=\"agni-image-figure\">\r\n\t\t\t\t<img  class=\"fullwidth-image attachment-150x150  \" src=\"https:\/\/essense.coffee\/wp-content\/uploads\/2019\/05\/ICONA_Importatore-150x150.png\" width=\"150\" height=\"150\" alt=\"Importatore\" title=\"ICONA_Importatore\" \/>\r\n\t\t\t\t<figcaption class=\"vc_figure-caption\"><\/figcaption>\r\n\t\t\t<\/figure>\r\n\t\t<\/div>[\/vc_column][vc_column dark_mode=&#8221;has-dark-mode&#8221; align=&#8221;center&#8221; bg_color=&#8221;#6d8165&#8243; width=&#8221;1\/2&#8243; padding_top=&#8221;30px&#8221; padding_bottom=&#8221;30px&#8221;][vc_column_text padding_top=&#8221;25&#8243; el_class=&#8221;white-color&#8221;]<\/p>\n<p style=\"text-align: center;\"><strong>Import\u00e9 par :<\/strong><br \/>\nAlly Coffee<\/p>\n<p>[\/vc_column_text][\/vc_column][vc_column dark_mode=&#8221;has-dark-mode&#8221; bg_color=&#8221;#6d8165&#8243; width=&#8221;1\/4&#8243;]<div class=\" agni-image custom-image-container agni-image-default text-center\">\r\n\t\t\t<figure class=\"agni-image-figure\">\r\n\t\t\t\t<a href=\"https:\/\/www.allycoffee.com\/coffees\/la-guamera-honey\/\" target=\"_self\" data-size=\"600x600\"><img  class=\"fullwidth-image attachment-200X200  \" src=\"https:\/\/essense.coffee\/wp-content\/uploads\/2019\/11\/importer_ally-200x200.png\" width=\"200\" height=\"200\" alt=\"importer_ally\" title=\"importer_ally\" \/><\/a>\r\n\t\t\t\t<figcaption class=\"vc_figure-caption\"><\/figcaption>\r\n\t\t\t<\/figure>\r\n\t\t<\/div>[\/vc_column][\/vc_row][\/vc_section][vc_section content_placement=&#8221;middle&#8221; css=&#8221;.vc_custom_1558798156336{margin-top: 50px !important;}&#8221; el_class=&#8221;outburst-right-yellow&#8221;][vc_row bg_color=&#8221;#ffffff&#8221; equal_height=&#8221;yes&#8221; content_placement=&#8221;middle&#8221; margin_top=&#8221;50px&#8221;][vc_column dark_mode=&#8221;has-dark-mode&#8221; align=&#8221;center&#8221; bg_color=&#8221;#937a66&#8243; width=&#8221;1\/4&#8243; padding_top=&#8221;30px&#8221; padding_bottom=&#8221;30px&#8221;]<div class=\" agni-image custom-image-container agni-image-default text-center\">\r\n\t\t\t<figure class=\"agni-image-figure\">\r\n\t\t\t\t<img  class=\"fullwidth-image attachment-150x150  \" src=\"https:\/\/essense.coffee\/wp-content\/uploads\/2019\/05\/ICONA_Profilo-organolettico-150x150.png\" width=\"150\" height=\"150\" alt=\"Analisi sensoriale\" title=\"ICONA_Profilo-organolettico\" \/>\r\n\t\t\t\t<figcaption class=\"vc_figure-caption\"><\/figcaption>\r\n\t\t\t<\/figure>\r\n\t\t<\/div>[\/vc_column][vc_column dark_mode=&#8221;has-dark-mode&#8221; align=&#8221;center&#8221; bg_color=&#8221;#937a66&#8243; width=&#8221;1\/2&#8243; padding_top=&#8221;30px&#8221; padding_bottom=&#8221;30px&#8221;][vc_column_text padding_top=&#8221;25&#8243; el_class=&#8221;white-color&#8221;]<\/p>\n<p style=\"text-align: center;\"><strong>Analyse sensorielle :<\/strong><\/p>\n<p style=\"text-align: center;\">Fruits, chocolat noir et \u00e9rable.<br \/>\nTasse tr\u00e8s sucr\u00e9e et fruit\u00e9e.<\/p>\n<p>[\/vc_column_text][\/vc_column][vc_column dark_mode=&#8221;has-dark-mode&#8221; align=&#8221;center&#8221; bg_color=&#8221;#937a66&#8243; width=&#8221;1\/4&#8243; el_class=&#8221;essense-runout-right essense-runout-beige-scuro&#8221;][vc_column_text padding_top=&#8221;25&#8243; el_class=&#8221;white-color&#8221;]<\/p>\n<p style=\"text-align: center;\"><strong>Score de d\u00e9gustation :<\/strong><br \/>\n86,75\/100<\/p>\n<p>[\/vc_column_text][\/vc_column][\/vc_row][\/vc_section][vc_section content_placement=&#8221;middle&#8221; css=&#8221;.vc_custom_1557824737813{margin-top: 50px !important;margin-bottom: 50px !important;}&#8221; el_class=&#8221;outburst-left&#8221;][vc_row bg_color=&#8221;#ffffff&#8221; equal_height=&#8221;yes&#8221; content_placement=&#8221;middle&#8221; margin_top=&#8221;50px&#8221;][vc_column dark_mode=&#8221;has-dark-mode&#8221; align=&#8221;center&#8221; bg_color=&#8221;#564032&#8243; width=&#8221;1\/4&#8243; padding_top=&#8221;30px&#8221; padding_bottom=&#8221;30px&#8221; el_class=&#8221;essense-runout-left essense-runout-marrone-chiaro&#8221;]<div class=\" agni-image custom-image-container agni-image-default text-center\">\r\n\t\t\t<figure class=\"agni-image-figure\">\r\n\t\t\t\t<img  class=\"fullwidth-image attachment-150x150  \" src=\"https:\/\/essense.coffee\/wp-content\/uploads\/2019\/05\/ICONA_Torrefazione-150x150.png\" width=\"150\" height=\"150\" alt=\"Caff\u00e8 torrefatto da...\" title=\"ICONA_Torrefazione\" \/>\r\n\t\t\t\t<figcaption class=\"vc_figure-caption\"><\/figcaption>\r\n\t\t\t<\/figure>\r\n\t\t<\/div>[\/vc_column][vc_column dark_mode=&#8221;has-dark-mode&#8221; align=&#8221;center&#8221; bg_color=&#8221;#564032&#8243; width=&#8221;1\/2&#8243; padding_top=&#8221;30px&#8221; padding_bottom=&#8221;30px&#8221;][vc_column_text padding_top=&#8221;25&#8243; el_class=&#8221;white-color&#8221;]<\/p>\n<p style=\"text-align: center;\"><strong>Torr\u00e9fi\u00e9 par :<\/strong><br \/>\nLOT ZERO<br \/>\nMilan (Italie)<\/p>\n<p>[\/vc_column_text][\/vc_column][vc_column dark_mode=&#8221;has-dark-mode&#8221; bg_color=&#8221;#564032&#8243; width=&#8221;1\/4&#8243;]<div class=\" agni-image custom-image-container agni-image-default text-center\">\r\n\t\t\t<figure class=\"agni-image-figure\">\r\n\t\t\t\t<a href=\"https:\/\/essense.coffee\/fr\/groundtoenjoy\/torrefacteurs\/lot-zero\/\" target=\"_self\" data-size=\"600x600\"><img  class=\"fullwidth-image attachment-150x150  \" src=\"https:\/\/essense.coffee\/wp-content\/uploads\/2019\/11\/torrefattore_lot-zero-150x150.png\" width=\"150\" height=\"150\" alt=\"torrefattore_lot-zero\" title=\"torrefattore_lot-zero\" \/><\/a>\r\n\t\t\t\t<figcaption class=\"vc_figure-caption\"><\/figcaption>\r\n\t\t\t<\/figure>\r\n\t\t<\/div>[\/vc_column][\/vc_row][\/vc_section][vc_section][vc_row margin_top=&#8221;50px&#8221;][vc_column width=&#8221;1\/4&#8243;][\/vc_column][vc_column align=&#8221;center&#8221; width=&#8221;1\/2&#8243;][vc_column_text el_class=&#8221;testo-giustificato&#8221;]<\/p>\n<h4 style=\"text-align: left;\">TRAITEMENT DU CAF\u00c9<\/h4>\n<p>La finca <em>La Guamera<\/em> s\u00e9lectionne des lots de caf\u00e9s qui sont le r\u00e9sultat d&#8217;un programme sp\u00e9cial de fertilisation du sol qui dure de deux ans pour ensuite pouvoir proc\u00e9der au traitement Honey. Ce programme permet d&#8217;obtenir des cerises avec plus de 20 degr\u00e9s Brix (indice du taux de sucre), c&#8217;est \u00e0 dire des cerises tr\u00e8s sucr\u00e9es.<br \/>\nSuite \u00e0 la cueillette, les drupes sont transf\u00e9r\u00e9es \u00e0 la Finca Berlin qui poss\u00e8de 600 m\u00e8tres carr\u00e9s de lits sur\u00e9lev\u00e9s pour faire s\u00e9cher le caf\u00e9. C&#8217;est la plus grande station de traitement de ce type en Colombie. Les zones de s\u00e9chages sont couvertes de b\u00e2ches claires et \u00e9quip\u00e9es de ventilateurs qui s&#8217;activent lorsque la temp\u00e9rature atteint 40 degr\u00e9s.<br \/>\nLa m\u00e9thode Honey pr\u00e9voit que 70% du mucilage soit laiss\u00e9 sur les cerises durant le d\u00e9pulpage. Cela induit que le caf\u00e9 subisse une premi\u00e8re fermentation dont la dur\u00e9e peut varier entre 36 et 42 heures puis soit \u00e9tendu sur les lits africains pour s\u00e9cher et atteindre un taux d&#8217;humidit\u00e9 de 20%. Ensuite, il est entrepos\u00e9 dans un silo de s\u00e9chage o\u00f9 il s\u00e8che encore jusqu&#8217;\u00e0 atteindre 11,5% d&#8217;humidit\u00e9. [\/vc_column_text][\/vc_column][vc_column width=&#8221;1\/4&#8243;][\/vc_column][\/vc_row][\/vc_section][vc_section content_placement=&#8221;middle&#8221; css=&#8221;.vc_custom_1558798156336{margin-top: 50px !important;}&#8221; el_class=&#8221;outburst-right-yellow&#8221;][vc_row bg_color=&#8221;#ffffff&#8221; equal_height=&#8221;yes&#8221; content_placement=&#8221;middle&#8221; margin_top=&#8221;50px&#8221;][vc_column dark_mode=&#8221;has-dark-mode&#8221; align=&#8221;center&#8221; bg_color=&#8221;#e6af00&#8243; width=&#8221;1\/4&#8243; padding_top=&#8221;30px&#8221; padding_bottom=&#8221;30px&#8221;]<div class=\" agni-image custom-image-container agni-image-default text-center\">\r\n\t\t\t<figure class=\"agni-image-figure\">\r\n\t\t\t\t<img  class=\"fullwidth-image attachment-150x150  \" src=\"https:\/\/essense.coffee\/wp-content\/uploads\/2019\/05\/ICONA_Newsletter-150x150.png\" width=\"150\" height=\"150\" alt=\"Iscriviti alla newsletter di Essense\" title=\"ICONA_Newsletter\" \/>\r\n\t\t\t\t<figcaption class=\"vc_figure-caption\"><\/figcaption>\r\n\t\t\t<\/figure>\r\n\t\t<\/div>[\/vc_column][vc_column dark_mode=&#8221;has-dark-mode&#8221; align=&#8221;center&#8221; bg_color=&#8221;#e6af00&#8243; width=&#8221;1\/2&#8243; padding_top=&#8221;30px&#8221; padding_bottom=&#8221;30px&#8221;][vc_column_text padding_top=&#8221;25&#8243; el_class=&#8221;white-color&#8221;]<\/p>\n<p style=\"text-align: center;\">INSCRIVEZ VOUS \u00c0 LA NEWSLETTER<br \/>\nET VIVEZ EN PERSONNE<br \/>\nLA R\u00c9VOLUTION DU SLOW COFFEE<\/p>\n<p>[\/vc_column_text][\/vc_column][vc_column dark_mode=&#8221;has-dark-mode&#8221; align=&#8221;center&#8221; bg_color=&#8221;#e6af00&#8243; width=&#8221;1\/4&#8243; el_class=&#8221;essense-runout-right essense-runout-giallo-ocra&#8221;]<div class=\" agni-button-responsive agni-button  text-center page-scroll\"><a class=\"agni_custom_design_css btn btn-default\" target=\"_self\" href=\"#newsletter\"  >S'INSCRIRE<\/a><\/div>[\/vc_column][\/vc_row][\/vc_section][vc_section][vc_row margin_top=&#8221;50px&#8221;][vc_column width=&#8221;1\/4&#8243;][\/vc_column][vc_column align=&#8221;center&#8221; width=&#8221;1\/2&#8243;][vc_column_text el_class=&#8221;testo-giustificato&#8221;]<\/p>\n<h4 style=\"text-align: left;\">LA FAMILLE MUNOZ<\/h4>\n<p>Les 5 fr\u00e8res et s\u0153urs Munoz ont h\u00e9rit\u00e9 de la propri\u00e9t\u00e9 Finca <em>La Guamera<\/em> de leur maman, qui elle m\u00eame la tenait de son p\u00e8re. Jusqu&#8217;il y a une trentaine d&#8217;ann\u00e9e, la petite ferme dans les collines au dessus de la ville de Chinchina n&#8217;\u00e9tait plus utilis\u00e9e. En 1985, suite \u00e0 la catastrophe due \u00e0 l&#8217;\u00e9ruption du volcan Nevado de Ruiz, de nouveaux agriculteurs s&#8217;install\u00e8rent sur les terres voisines \u00e0 La Guamera. Comme ceux-ci n&#8217;avaient pas d&#8217;exp\u00e9rience, de connaissances ou d&#8217;infrastructures pour la culture et le traitement du caf\u00e9, ils vendaient leur r\u00e9colte \u00e0 la famille Munoz qui poss\u00e9daient une petite <em>station de lavage<\/em>.<br \/>\nAlors que la famille n&#8217;avait jamais imagin\u00e9 devenir coffee buyers, ceci leur a permis de d\u00e9velopper une entreprise de traitement et d&#8217;export du caf\u00e9 nomm\u00e9e <em>La Meseta<\/em> en m\u00e9moire de leur grand-p\u00e8re. La famille Munoz continue de produire du caf\u00e9 cultiv\u00e9 sur la propri\u00e9t\u00e9 de La Guamera dans la m\u00eame structure familiale d&#8217;origine. Les caf\u00e9iers ont \u00e9t\u00e9 bien entretenus de g\u00e9n\u00e9ration en g\u00e9n\u00e9ration et produisent des drupes particuli\u00e8rement pulpeuses qui se pr\u00eatent aussi bien au traitement naturel, qu&#8217;\u00e0 la m\u00e9thode honey, ou au processus lav\u00e9 classique colombien : <em>Classic Colombian fully washed process.<\/em>[\/vc_column_text]<div class=\"agni-gallery img-carousel custom-gallery \"><div class=\"agni-gallery-row row agni-gallery-3-column  \" data-grid-layout=\"fitRows\" style=\"margin: 0 -15px -30px; \"><div class=\"custom-gallery-item agni-gallery-column\" style=\"padding: 0 15px 30px; \" ><figure class=\"agni-gallery-figure\"><a href=\"https:\/\/essense.coffee\/wp-content\/uploads\/2019\/11\/foto_colombia-la-guamera_int2.jpg\" data-size=\"900x900\"><img width=\"150\" height=\"150\" src=\"https:\/\/essense.coffee\/wp-content\/uploads\/2019\/11\/foto_colombia-la-guamera_int2-150x150.jpg\" class=\"attachment-thumbnail size-thumbnail\" alt=\"\" decoding=\"async\" loading=\"lazy\" srcset=\"https:\/\/essense.coffee\/wp-content\/uploads\/2019\/11\/foto_colombia-la-guamera_int2-150x150.jpg 150w, https:\/\/essense.coffee\/wp-content\/uploads\/2019\/11\/foto_colombia-la-guamera_int2-300x300.jpg 300w, https:\/\/essense.coffee\/wp-content\/uploads\/2019\/11\/foto_colombia-la-guamera_int2-768x768.jpg 768w, https:\/\/essense.coffee\/wp-content\/uploads\/2019\/11\/foto_colombia-la-guamera_int2-600x600.jpg 600w, https:\/\/essense.coffee\/wp-content\/uploads\/2019\/11\/foto_colombia-la-guamera_int2-100x100.jpg 100w, https:\/\/essense.coffee\/wp-content\/uploads\/2019\/11\/foto_colombia-la-guamera_int2.jpg 900w\" sizes=\"(max-width: 150px) 100vw, 150px\" \/><\/a><\/figure><\/div><div class=\"custom-gallery-item agni-gallery-column\" style=\"padding: 0 15px 30px; \" ><figure class=\"agni-gallery-figure\"><a href=\"https:\/\/essense.coffee\/wp-content\/uploads\/2019\/11\/foto_colombia-la-guamera_int3.jpg\" data-size=\"900x900\"><img width=\"150\" height=\"150\" src=\"https:\/\/essense.coffee\/wp-content\/uploads\/2019\/11\/foto_colombia-la-guamera_int3-150x150.jpg\" class=\"attachment-thumbnail size-thumbnail\" alt=\"\" decoding=\"async\" loading=\"lazy\" srcset=\"https:\/\/essense.coffee\/wp-content\/uploads\/2019\/11\/foto_colombia-la-guamera_int3-150x150.jpg 150w, https:\/\/essense.coffee\/wp-content\/uploads\/2019\/11\/foto_colombia-la-guamera_int3-300x300.jpg 300w, https:\/\/essense.coffee\/wp-content\/uploads\/2019\/11\/foto_colombia-la-guamera_int3-768x768.jpg 768w, https:\/\/essense.coffee\/wp-content\/uploads\/2019\/11\/foto_colombia-la-guamera_int3-600x600.jpg 600w, https:\/\/essense.coffee\/wp-content\/uploads\/2019\/11\/foto_colombia-la-guamera_int3-100x100.jpg 100w, https:\/\/essense.coffee\/wp-content\/uploads\/2019\/11\/foto_colombia-la-guamera_int3.jpg 900w\" sizes=\"(max-width: 150px) 100vw, 150px\" \/><\/a><\/figure><\/div><div class=\"custom-gallery-item agni-gallery-column\" style=\"padding: 0 15px 30px; \" ><figure class=\"agni-gallery-figure\"><a href=\"https:\/\/essense.coffee\/wp-content\/uploads\/2019\/11\/foto_colombia-la-guamera_int1.jpg\" data-size=\"900x900\"><img width=\"150\" height=\"150\" src=\"https:\/\/essense.coffee\/wp-content\/uploads\/2019\/11\/foto_colombia-la-guamera_int1-150x150.jpg\" class=\"attachment-thumbnail size-thumbnail\" alt=\"\" decoding=\"async\" loading=\"lazy\" srcset=\"https:\/\/essense.coffee\/wp-content\/uploads\/2019\/11\/foto_colombia-la-guamera_int1-150x150.jpg 150w, https:\/\/essense.coffee\/wp-content\/uploads\/2019\/11\/foto_colombia-la-guamera_int1-300x300.jpg 300w, https:\/\/essense.coffee\/wp-content\/uploads\/2019\/11\/foto_colombia-la-guamera_int1-768x768.jpg 768w, https:\/\/essense.coffee\/wp-content\/uploads\/2019\/11\/foto_colombia-la-guamera_int1-600x600.jpg 600w, https:\/\/essense.coffee\/wp-content\/uploads\/2019\/11\/foto_colombia-la-guamera_int1-100x100.jpg 100w, https:\/\/essense.coffee\/wp-content\/uploads\/2019\/11\/foto_colombia-la-guamera_int1.jpg 900w\" sizes=\"(max-width: 150px) 100vw, 150px\" \/><\/a><\/figure><\/div><div class=\"grid-sizer agni-gallery-column \"><\/div><\/div><\/div>[vc_column_text margin_top=&#8221;30&#8243; el_class=&#8221;testo-giustificato&#8221;]<\/p>\n<h4 style=\"text-align: left;\">LA R\u00c9GION CALDAS<\/h4>\n<p>C&#8217;est la r\u00e9gion principale de production de caf\u00e9 en Colombie. Avec les r\u00e9gions voisines &#8211; Risaralda et Quind\u00edo &#8211; elle forme la <em>coffee axis<\/em> ou <em>coffee triangle<\/em>, soit une zone d&#8217;int\u00e9r\u00eat majeur pour les activit\u00e9s li\u00e9es au caf\u00e9 comprenant des programmes sociaux et des centres de recherches. Ces structures font partie du <em>Coffee Cultural Landscape<\/em> reconnu par l\u2019UNESCO comme lieu du <em>World Coffee Culture Heritage<\/em>.<br \/>\nLe paysage de la r\u00e9gion Caldas est caract\u00e9ris\u00e9 par des collines dont les versants sont plant\u00e9s de caf\u00e9iers. Quelques petites villes d&#8217;altitude sont construites le long des cr\u00eates des montagnes o\u00f9 les producteurs se sont install\u00e9s pour exploiter des monocultures de caf\u00e9. Les plantations sont prot\u00e9g\u00e9es d&#8217;un soleil excessif gr\u00e2ce \u00e0 la constante couverture nuageuse.<br \/>\nBeaucoup de programmes de la <em>Colombian Coffee Growers Federation<\/em> ont leurs si\u00e8ges officiels dans cette r\u00e9gion, comme par exemple le centre de recherche <em>Cenicafe<\/em>.<br \/>\nDe plus, la plupart des <em>finca<\/em> de cette r\u00e9gion sont accessibles gr\u00e2ce aux routes principales. Ceci facilite la rapidit\u00e9 du traitement et de l&#8217;exportation en plus de permettre aux producteurs de caf\u00e9 et \u00e0 leurs familles un acc\u00e8s facile aux centres de vie et \u00e0 l&#8217;\u00e9ducation.[\/vc_column_text][vc_column_text margin_top=&#8221;30&#8243;]<\/p>\n<p style=\"text-align: center;\"><em>Photo credit: <a href=\"https:\/\/www.allycoffee.com\/coffees\/la-guamera-honey\/\">Ally Coffee<\/a><\/em><\/p>\n<p>[\/vc_column_text][\/vc_column][vc_column width=&#8221;1\/4&#8243;][\/vc_column][\/vc_row][\/vc_section][vc_section content_placement=&#8221;middle&#8221; css=&#8221;.vc_custom_1575055044824{margin-top: 50px !important;margin-bottom: 50px !important;}&#8221; el_class=&#8221;outburst-left&#8221;][vc_row bg_color=&#8221;#ffffff&#8221; equal_height=&#8221;yes&#8221; content_placement=&#8221;middle&#8221; margin_top=&#8221;50px&#8221;][vc_column dark_mode=&#8221;has-dark-mode&#8221; align=&#8221;center&#8221; bg_color=&#8221;#bdb1a1&#8243; width=&#8221;1\/4&#8243; padding_top=&#8221;30px&#8221; padding_bottom=&#8221;30px&#8221; el_class=&#8221;essense-runout-left essense-runout-beige&#8221;]<div class=\" agni-image custom-image-container agni-image-default text-center\">\r\n\t\t\t<figure class=\"agni-image-figure\">\r\n\t\t\t\t<img  class=\"fullwidth-image attachment-150x150  \" src=\"https:\/\/essense.coffee\/wp-content\/uploads\/2019\/05\/ICONA_Shop-150x150.png\" width=\"150\" height=\"150\" alt=\"Vai allo shop per visualizzare il prodotto\" title=\"ICONA_Shop\" \/>\r\n\t\t\t\t<figcaption class=\"vc_figure-caption\"><\/figcaption>\r\n\t\t\t<\/figure>\r\n\t\t<\/div>[\/vc_column][vc_column dark_mode=&#8221;has-dark-mode&#8221; align=&#8221;center&#8221; bg_color=&#8221;#bdb1a1&#8243; width=&#8221;1\/2&#8243; padding_top=&#8221;30px&#8221; padding_bottom=&#8221;30px&#8221;][vc_column_text padding_top=&#8221;25&#8243; el_class=&#8221;white-color&#8221;]<\/p>\n<p style=\"text-align: center;\">D\u00c9COUVREZ LES FORMATS DE GROUNDtoENJOY DISPONIBLES<br \/>\nPOUR LE CAF\u00c9 COLOMBIA LA GUAMERA<br \/>\nTORR\u00c9FI\u00c9 PAR LOT ZERO<\/p>\n<p>[\/vc_column_text][\/vc_column][vc_column dark_mode=&#8221;has-dark-mode&#8221; bg_color=&#8221;#bdb1a1&#8243; width=&#8221;1\/4&#8243;]<div class=\" agni-button-responsive agni-button  text-center page-scroll\"><a class=\"agni_custom_design_css btn btn-default\" target=\"_self\" href=\"https:\/\/essense.coffee\/en\/product\/colombia-la-guamera\/\"  >ALLER \u00c0 LA BOUTIQUE<\/a><\/div>[\/vc_column][\/vc_row][\/vc_section][vc_section content_placement=&#8221;middle&#8221; css=&#8221;.vc_custom_1557764339907{margin-top: 150px !important;}&#8221; el_class=&#8221;outburst-right&#8221;][vc_row equal_height=&#8221;yes&#8221; content_placement=&#8221;middle&#8221; margin_top=&#8221;50px&#8221;][vc_column dark_mode=&#8221;has-dark-mode&#8221; align=&#8221;right&#8221; bg_color=&#8221;#000000&#8243; width=&#8221;1\/2&#8243; padding_top=&#8221;30px&#8221; padding_bottom=&#8221;30px&#8221;][vc_column_text el_class=&#8221;white-color&#8221;]<\/p>\n<h2 style=\"text-align: right;\">COFFEE BREWING<\/h2>\n<p style=\"text-align: right;\">Le caf\u00e9 ETIOPIA Sidamo est disponible au format<br \/>\nGROUNDtoENJOY pour diverses m\u00e9thodes d\u2019extraction.<br \/>\nChoisissez votre guide d\u2019utilisation<br \/>\npour pr\u00e9parer au mieux ce caf\u00e9 extraordinaire<\/p>\n<p>[\/vc_column_text]<div class=\" agni-button-responsive agni-button  text-right page-scroll\"><a class=\"agni_custom_design_css btn btn-default\" target=\"_self\" href=\"https:\/\/essense.coffee\/fr\/brewing\/\"  >D\u00e9couvrir les m\u00e9thodes d'extraction<\/a><\/div>[\/vc_column][vc_column dark_mode=&#8221;has-dark-mode&#8221; align=&#8221;center&#8221; bg_color=&#8221;#000000&#8243; width=&#8221;1\/2&#8243; padding_top=&#8221;30px&#8221; padding_bottom=&#8221;30px&#8221; el_class=&#8221;essense-runout-right&#8221;][vc_column_text]<\/p>\n<div id=\"essense-home-selector\">\n<ul>\n<li><a href=\"https:\/\/essense.coffee\/fr\/brewing\/french-press\/\"> <img decoding=\"async\" class=\"essense-home-selector-disabled\" src=\"https:\/\/essense.coffee\/wp-content\/uploads\/2019\/04\/001.png\" \/> <img decoding=\"async\" class=\"essense-home-selector-enabled\" src=\"https:\/\/essense.coffee\/wp-content\/uploads\/2019\/05\/gr_001.png\" \/> <\/a> <span class=\"essense-home-selector-title\">French Press<\/span><\/li>\n<li><a href=\"https:\/\/essense.coffee\/fr\/brewing\/pour-over-dripper\/\"> <img decoding=\"async\" class=\"essense-home-selector-disabled\" src=\"https:\/\/essense.coffee\/wp-content\/uploads\/2019\/04\/002.png\" \/> <img decoding=\"async\" class=\"essense-home-selector-enabled\" src=\"https:\/\/essense.coffee\/wp-content\/uploads\/2019\/05\/gr_002.png\" \/> <\/a> <span class=\"essense-home-selector-title\">Pour-Over<\/span><\/li>\n<li><a href=\"https:\/\/essense.coffee\/fr\/brewing\/chemex\/\"> <img decoding=\"async\" class=\"essense-home-selector-disabled\" src=\"https:\/\/essense.coffee\/wp-content\/uploads\/2019\/04\/003.png\" \/> <img decoding=\"async\" class=\"essense-home-selector-enabled\" src=\"https:\/\/essense.coffee\/wp-content\/uploads\/2019\/05\/gr_003.png\" \/> <\/a> <span class=\"essense-home-selector-title\">Chemex<\/span><\/li>\n<li><a href=\"https:\/\/essense.coffee\/fr\/brewing\/clever-dripper\/\"> <img decoding=\"async\" class=\"essense-home-selector-disabled\" src=\"https:\/\/essense.coffee\/wp-content\/uploads\/2019\/04\/004.png\" \/> <img decoding=\"async\" class=\"essense-home-selector-enabled\" src=\"https:\/\/essense.coffee\/wp-content\/uploads\/2019\/05\/gr_004.png\" \/> <\/a> <span class=\"essense-home-selector-title\">Clever<\/span><\/li>\n<li><a href=\"https:\/\/essense.coffee\/fr\/brewing\/aeropress\/\"> <img decoding=\"async\" class=\"essense-home-selector-disabled\" src=\"https:\/\/essense.coffee\/wp-content\/uploads\/2019\/04\/005.png\" \/> <img decoding=\"async\" class=\"essense-home-selector-enabled\" src=\"https:\/\/essense.coffee\/wp-content\/uploads\/2019\/05\/gr_005-2.png\" \/> <\/a> <span class=\"essense-home-selector-title\">Aeropress<\/span><\/li>\n<li><a href=\"https:\/\/essense.coffee\/fr\/brewing\/siphon\/\"> <img decoding=\"async\" class=\"essense-home-selector-disabled\" src=\"https:\/\/essense.coffee\/wp-content\/uploads\/2019\/04\/006.png\" \/> <img decoding=\"async\" class=\"essense-home-selector-enabled\" src=\"https:\/\/essense.coffee\/wp-content\/uploads\/2019\/05\/gr_006.png\" \/> <\/a> <span class=\"essense-home-selector-title\">Syphon<\/span><\/li>\n<li><a href=\"https:\/\/essense.coffee\/fr\/brewing\/cold-drip-brew\/\"> <img decoding=\"async\" class=\"essense-home-selector-disabled\" src=\"https:\/\/essense.coffee\/wp-content\/uploads\/2019\/05\/bw_007.png\" \/> <img decoding=\"async\" class=\"essense-home-selector-enabled\" src=\"https:\/\/essense.coffee\/wp-content\/uploads\/2019\/05\/gr_007-2.png\" \/> <\/a> <span class=\"essense-home-selector-title\">Cold Brew<\/span><\/li>\n<\/ul>\n<\/div>\n<p>[\/vc_column_text][\/vc_column][\/vc_row][\/vc_section][vc_section content_placement=&#8221;middle&#8221; css=&#8221;.vc_custom_1557824737813{margin-top: 50px !important;margin-bottom: 50px !important;}&#8221; el_class=&#8221;outburst-left&#8221;][vc_row bg_color=&#8221;#ffffff&#8221; equal_height=&#8221;yes&#8221; content_placement=&#8221;middle&#8221; margin_top=&#8221;50px&#8221;][vc_column dark_mode=&#8221;has-dark-mode&#8221; align=&#8221;center&#8221; bg_color=&#8221;#6d8165&#8243; width=&#8221;1\/4&#8243; padding_top=&#8221;30px&#8221; padding_bottom=&#8221;30px&#8221; el_class=&#8221;essense-runout-left essense-runout-verde-oliva&#8221;]<div class=\" agni-image custom-image-container agni-image-default text-center\">\r\n\t\t\t<figure class=\"agni-image-figure\">\r\n\t\t\t\t<img  class=\"fullwidth-image attachment-150x150  \" src=\"https:\/\/essense.coffee\/wp-content\/uploads\/2019\/05\/ICONA_Scrivici-150x150.png\" width=\"150\" height=\"150\" alt=\"Mettiti in contatto con noi\" title=\"ICONA_Scrivici\" \/>\r\n\t\t\t\t<figcaption class=\"vc_figure-caption\"><\/figcaption>\r\n\t\t\t<\/figure>\r\n\t\t<\/div>[\/vc_column][vc_column dark_mode=&#8221;has-dark-mode&#8221; align=&#8221;center&#8221; bg_color=&#8221;#6d8165&#8243; width=&#8221;1\/2&#8243; padding_top=&#8221;30px&#8221; padding_bottom=&#8221;30px&#8221;][vc_column_text padding_top=&#8221;25&#8243; el_class=&#8221;white-color&#8221;]<\/p>\n<p style=\"text-align: center;\">DES QUESTIONS OU DE LA CURIOSIT\u00c9<br \/>\n\u00c0 PROPOS DE L\u2019UNIVERS D\u2019ESSENSE ?<br \/>\n\u00c9CRIVEZ-NOUS, NOUS SERONS HEUREUX<br \/>\nDE PARTAGER NOTRE PASSION POUR LE CAF\u00c9.<\/p>\n<p>[\/vc_column_text][\/vc_column][vc_column dark_mode=&#8221;has-dark-mode&#8221; bg_color=&#8221;#6d8165&#8243; width=&#8221;1\/4&#8243;]<div class=\" agni-button-responsive agni-button  text-center page-scroll\"><a class=\"agni_custom_design_css btn btn-default\" target=\"_self\" href=\"https:\/\/essense.coffee\/it\/about\/contatti\/\"  >NOUS \u00c9CRIRE<\/a><\/div>[\/vc_column][\/vc_row][\/vc_section]<\/p>\n","protected":false},"excerpt":{"rendered":"<p>[vc_section][vc_row margin_top_mobile=&#8221;-70px&#8221;][vc_column][\/vc_column][\/vc_row][\/vc_section][vc_section][vc_row disable_element=&#8221;yes&#8221; margin_top=&#8221;50px&#8221;][vc_column width=&#8221;1\/4&#8243;][\/vc_column][vc_column align=&#8221;center&#8221; width=&#8221;1\/2&#8243; offset=&#8221;vc_hidden-lg vc_hidden-md vc_hidden-sm&#8221;][vc_column_text spacing_heading=&#8221;&#8221; spacing_heading_tab=&#8221;&#8221; spacing_heading_mobile=&#8221;&#8221;] IT\u00a0 \u00a0 \u00a0EN\u00a0 \u00a0 \u00a0FR [\/vc_column_text][\/vc_column][vc_column width=&#8221;1\/4&#8243;][\/vc_column][\/vc_row][vc_row margin_top=&#8221;50px&#8221;][vc_column width=&#8221;1\/4&#8243;][\/vc_column][vc_column width=&#8221;1\/2&#8243;][vc_column_text el_class=&#8221;testo-giustificato&#8221;] COLOMBIA La Guamera &nbsp; Ce caf\u00e9 de Sp\u00e9cialit\u00e9 a \u00e9t\u00e9 cultiv\u00e9 dans l&#8217;exploitation Finca La Guamera dans la r\u00e9gion de Caldas en Colombie. Les drupes sont tr\u00e8s sucr\u00e9es gr\u00e2ce \u00e0 un [&hellip;]<\/p>\n","protected":false},"author":3,"featured_media":0,"parent":9920,"menu_order":0,"comment_status":"closed","ping_status":"closed","template":"","meta":{"footnotes":""},"yoast_head":"<!-- This site is optimized with the Yoast SEO plugin v21.2 - https:\/\/yoast.com\/wordpress\/plugins\/seo\/ -->\n<title>COLOMBIA La Guamera - Essense Coffee<\/title>\n<meta name=\"robots\" content=\"index, follow, max-snippet:-1, max-image-preview:large, max-video-preview:-1\" \/>\n<link rel=\"canonical\" href=\"https:\/\/essense.coffee\/fr\/cafes\/colombia-la-guamera\/\" \/>\n<meta property=\"og:locale\" content=\"fr_FR\" \/>\n<meta property=\"og:type\" content=\"article\" \/>\n<meta property=\"og:title\" content=\"COLOMBIA La Guamera - Essense Coffee\" \/>\n<meta property=\"og:description\" content=\"[vc_section][vc_row margin_top_mobile=&#8221;-70px&#8221;][vc_column][\/vc_column][\/vc_row][\/vc_section][vc_section][vc_row disable_element=&#8221;yes&#8221; margin_top=&#8221;50px&#8221;][vc_column width=&#8221;1\/4&#8243;][\/vc_column][vc_column align=&#8221;center&#8221; width=&#8221;1\/2&#8243; offset=&#8221;vc_hidden-lg vc_hidden-md vc_hidden-sm&#8221;][vc_column_text spacing_heading=&#8221;&#8221; spacing_heading_tab=&#8221;&#8221; spacing_heading_mobile=&#8221;&#8221;] IT\u00a0 \u00a0 \u00a0EN\u00a0 \u00a0 \u00a0FR [\/vc_column_text][\/vc_column][vc_column width=&#8221;1\/4&#8243;][\/vc_column][\/vc_row][vc_row margin_top=&#8221;50px&#8221;][vc_column width=&#8221;1\/4&#8243;][\/vc_column][vc_column width=&#8221;1\/2&#8243;][vc_column_text el_class=&#8221;testo-giustificato&#8221;] COLOMBIA La Guamera &nbsp; Ce caf\u00e9 de Sp\u00e9cialit\u00e9 a \u00e9t\u00e9 cultiv\u00e9 dans l&#8217;exploitation Finca La Guamera dans la r\u00e9gion de Caldas en Colombie. Les drupes sont tr\u00e8s sucr\u00e9es gr\u00e2ce \u00e0 un [&hellip;]\" \/>\n<meta property=\"og:url\" content=\"https:\/\/essense.coffee\/fr\/cafes\/colombia-la-guamera\/\" \/>\n<meta property=\"og:site_name\" content=\"Essense Coffee\" \/>\n<meta property=\"article:modified_time\" content=\"2020-06-25T08:44:07+00:00\" \/>\n<meta property=\"og:image\" content=\"https:\/\/essense.coffee\/wp-content\/uploads\/2018\/11\/bollino_03.png\" \/>\n<meta name=\"twitter:card\" content=\"summary_large_image\" \/>\n<meta name=\"twitter:label1\" content=\"Dur\u00e9e de lecture estim\u00e9e\" \/>\n\t<meta name=\"twitter:data1\" content=\"10 minutes\" \/>\n<script type=\"application\/ld+json\" class=\"yoast-schema-graph\">{\"@context\":\"https:\/\/schema.org\",\"@graph\":[{\"@type\":\"WebPage\",\"@id\":\"https:\/\/essense.coffee\/fr\/cafes\/colombia-la-guamera\/\",\"url\":\"https:\/\/essense.coffee\/fr\/cafes\/colombia-la-guamera\/\",\"name\":\"COLOMBIA La Guamera - Essense Coffee\",\"isPartOf\":{\"@id\":\"https:\/\/essense.coffee\/fr\/#website\"},\"datePublished\":\"2019-12-04T10:14:04+00:00\",\"dateModified\":\"2020-06-25T08:44:07+00:00\",\"breadcrumb\":{\"@id\":\"https:\/\/essense.coffee\/fr\/cafes\/colombia-la-guamera\/#breadcrumb\"},\"inLanguage\":\"fr-FR\",\"potentialAction\":[{\"@type\":\"ReadAction\",\"target\":[\"https:\/\/essense.coffee\/fr\/cafes\/colombia-la-guamera\/\"]}]},{\"@type\":\"BreadcrumbList\",\"@id\":\"https:\/\/essense.coffee\/fr\/cafes\/colombia-la-guamera\/#breadcrumb\",\"itemListElement\":[{\"@type\":\"ListItem\",\"position\":1,\"name\":\"Shop\",\"item\":\"\/categorie-shop\"},{\"@type\":\"ListItem\",\"position\":2,\"name\":\"COLOMBIA La Guamera\"}]},{\"@type\":\"WebSite\",\"@id\":\"https:\/\/essense.coffee\/fr\/#website\",\"url\":\"https:\/\/essense.coffee\/fr\/\",\"name\":\"Essense Coffee\",\"description\":\"The best coffee instruments and our very own single-portioned coffee for every brewing method.\",\"publisher\":{\"@id\":\"https:\/\/essense.coffee\/fr\/#organization\"},\"potentialAction\":[{\"@type\":\"SearchAction\",\"target\":{\"@type\":\"EntryPoint\",\"urlTemplate\":\"https:\/\/essense.coffee\/fr\/?s={search_term_string}\"},\"query-input\":\"required name=search_term_string\"}],\"inLanguage\":\"fr-FR\"},{\"@type\":\"Organization\",\"@id\":\"https:\/\/essense.coffee\/fr\/#organization\",\"name\":\"Essense Coffee\",\"url\":\"https:\/\/essense.coffee\/fr\/\",\"logo\":{\"@type\":\"ImageObject\",\"inLanguage\":\"fr-FR\",\"@id\":\"https:\/\/essense.coffee\/fr\/#\/schema\/logo\/image\/\",\"url\":\"https:\/\/essense.coffee\/wp-content\/uploads\/2020\/05\/Logo-Essense-300x300-1.jpg\",\"contentUrl\":\"https:\/\/essense.coffee\/wp-content\/uploads\/2020\/05\/Logo-Essense-300x300-1.jpg\",\"width\":300,\"height\":300,\"caption\":\"Essense Coffee\"},\"image\":{\"@id\":\"https:\/\/essense.coffee\/fr\/#\/schema\/logo\/image\/\"}}]}<\/script>\n<!-- \/ Yoast SEO plugin. -->","yoast_head_json":{"title":"COLOMBIA La Guamera - Essense Coffee","robots":{"index":"index","follow":"follow","max-snippet":"max-snippet:-1","max-image-preview":"max-image-preview:large","max-video-preview":"max-video-preview:-1"},"canonical":"https:\/\/essense.coffee\/fr\/cafes\/colombia-la-guamera\/","og_locale":"fr_FR","og_type":"article","og_title":"COLOMBIA La Guamera - Essense Coffee","og_description":"[vc_section][vc_row margin_top_mobile=&#8221;-70px&#8221;][vc_column][\/vc_column][\/vc_row][\/vc_section][vc_section][vc_row disable_element=&#8221;yes&#8221; margin_top=&#8221;50px&#8221;][vc_column width=&#8221;1\/4&#8243;][\/vc_column][vc_column align=&#8221;center&#8221; width=&#8221;1\/2&#8243; offset=&#8221;vc_hidden-lg vc_hidden-md vc_hidden-sm&#8221;][vc_column_text spacing_heading=&#8221;&#8221; spacing_heading_tab=&#8221;&#8221; spacing_heading_mobile=&#8221;&#8221;] IT\u00a0 \u00a0 \u00a0EN\u00a0 \u00a0 \u00a0FR [\/vc_column_text][\/vc_column][vc_column width=&#8221;1\/4&#8243;][\/vc_column][\/vc_row][vc_row margin_top=&#8221;50px&#8221;][vc_column width=&#8221;1\/4&#8243;][\/vc_column][vc_column width=&#8221;1\/2&#8243;][vc_column_text el_class=&#8221;testo-giustificato&#8221;] COLOMBIA La Guamera &nbsp; Ce caf\u00e9 de Sp\u00e9cialit\u00e9 a \u00e9t\u00e9 cultiv\u00e9 dans l&#8217;exploitation Finca La Guamera dans la r\u00e9gion de Caldas en Colombie. Les drupes sont tr\u00e8s sucr\u00e9es gr\u00e2ce \u00e0 un [&hellip;]","og_url":"https:\/\/essense.coffee\/fr\/cafes\/colombia-la-guamera\/","og_site_name":"Essense Coffee","article_modified_time":"2020-06-25T08:44:07+00:00","og_image":[{"url":"https:\/\/essense.coffee\/wp-content\/uploads\/2018\/11\/bollino_03.png"}],"twitter_card":"summary_large_image","twitter_misc":{"Dur\u00e9e de lecture estim\u00e9e":"10 minutes"},"schema":{"@context":"https:\/\/schema.org","@graph":[{"@type":"WebPage","@id":"https:\/\/essense.coffee\/fr\/cafes\/colombia-la-guamera\/","url":"https:\/\/essense.coffee\/fr\/cafes\/colombia-la-guamera\/","name":"COLOMBIA La Guamera - Essense Coffee","isPartOf":{"@id":"https:\/\/essense.coffee\/fr\/#website"},"datePublished":"2019-12-04T10:14:04+00:00","dateModified":"2020-06-25T08:44:07+00:00","breadcrumb":{"@id":"https:\/\/essense.coffee\/fr\/cafes\/colombia-la-guamera\/#breadcrumb"},"inLanguage":"fr-FR","potentialAction":[{"@type":"ReadAction","target":["https:\/\/essense.coffee\/fr\/cafes\/colombia-la-guamera\/"]}]},{"@type":"BreadcrumbList","@id":"https:\/\/essense.coffee\/fr\/cafes\/colombia-la-guamera\/#breadcrumb","itemListElement":[{"@type":"ListItem","position":1,"name":"Shop","item":"\/categorie-shop"},{"@type":"ListItem","position":2,"name":"COLOMBIA La Guamera"}]},{"@type":"WebSite","@id":"https:\/\/essense.coffee\/fr\/#website","url":"https:\/\/essense.coffee\/fr\/","name":"Essense Coffee","description":"The best coffee instruments and our very own single-portioned coffee for every brewing method.","publisher":{"@id":"https:\/\/essense.coffee\/fr\/#organization"},"potentialAction":[{"@type":"SearchAction","target":{"@type":"EntryPoint","urlTemplate":"https:\/\/essense.coffee\/fr\/?s={search_term_string}"},"query-input":"required name=search_term_string"}],"inLanguage":"fr-FR"},{"@type":"Organization","@id":"https:\/\/essense.coffee\/fr\/#organization","name":"Essense Coffee","url":"https:\/\/essense.coffee\/fr\/","logo":{"@type":"ImageObject","inLanguage":"fr-FR","@id":"https:\/\/essense.coffee\/fr\/#\/schema\/logo\/image\/","url":"https:\/\/essense.coffee\/wp-content\/uploads\/2020\/05\/Logo-Essense-300x300-1.jpg","contentUrl":"https:\/\/essense.coffee\/wp-content\/uploads\/2020\/05\/Logo-Essense-300x300-1.jpg","width":300,"height":300,"caption":"Essense Coffee"},"image":{"@id":"https:\/\/essense.coffee\/fr\/#\/schema\/logo\/image\/"}}]}},"_links":{"self":[{"href":"https:\/\/essense.coffee\/fr\/wp-json\/wp\/v2\/pages\/14989"}],"collection":[{"href":"https:\/\/essense.coffee\/fr\/wp-json\/wp\/v2\/pages"}],"about":[{"href":"https:\/\/essense.coffee\/fr\/wp-json\/wp\/v2\/types\/page"}],"author":[{"embeddable":true,"href":"https:\/\/essense.coffee\/fr\/wp-json\/wp\/v2\/users\/3"}],"replies":[{"embeddable":true,"href":"https:\/\/essense.coffee\/fr\/wp-json\/wp\/v2\/comments?post=14989"}],"version-history":[{"count":11,"href":"https:\/\/essense.coffee\/fr\/wp-json\/wp\/v2\/pages\/14989\/revisions"}],"predecessor-version":[{"id":19179,"href":"https:\/\/essense.coffee\/fr\/wp-json\/wp\/v2\/pages\/14989\/revisions\/19179"}],"up":[{"embeddable":true,"href":"https:\/\/essense.coffee\/fr\/wp-json\/wp\/v2\/pages\/9920"}],"wp:attachment":[{"href":"https:\/\/essense.coffee\/fr\/wp-json\/wp\/v2\/media?parent=14989"}],"curies":[{"name":"wp","href":"https:\/\/api.w.org\/{rel}","templated":true}]}}